{"id":11,"date":"2021-02-09T08:51:21","date_gmt":"2021-02-09T11:51:21","guid":{"rendered":"https:\/\/lealqueiroz.adv.br\/site\/?page_id=11"},"modified":"2023-11-14T14:34:31","modified_gmt":"2023-11-14T17:34:31","slug":"nossa-historia","status":"publish","type":"page","link":"https:\/\/lealqueiroz.adv.br\/?page_id=11","title":{"rendered":"Nossa Hist\u00f3ria"},"content":{"rendered":"<p><iframe loading=\"lazy\" title=\"Conhe\u00e7a a hist\u00f3ria da Leal Queiroz\" width=\"500\" height=\"281\" src=\"https:\/\/www.youtube.com\/embed\/i9i6tbTPMgA?feature=oembed\" frameborder=\"0\" allow=\"accelerometer; autoplay; clipboard-write; encrypted-media; gyroscope; picture-in-picture; web-share\" referrerpolicy=\"strict-origin-when-cross-origin\" allowfullscreen><\/iframe><\/p>\n<h2 style=\"text-align: center;\">Vamos contar como tudo come\u00e7ou.<\/h2>\n<p style=\"text-align: center;\">\u2014 Dra. J\u00e9ssica Leal: A paix\u00e3o pela advocacia corporativa e pela gest\u00e3o de departamentos jur\u00eddicos sempre foi forte. Um dia, um dos executivos da empresa onde iniciei e tamb\u00e9m nosso mentor (Bruno Farias) me falou: J\u00e9ssica, voc\u00ea precisa fazer isso para e por outras empresas. J\u00e1 pensou nisto? Foi quando a ideia surgiu.<\/p>\n<h3 style=\"text-align: center;\"><strong>Por que n\u00e3o? Ali iniciava-se o projeto Leal Queiroz.<\/strong><\/h3>\n<p style=\"text-align: center;\">Alinhei minha paix\u00e3o a um modelo de neg\u00f3cio. Logo pensei em Dr. Allan, colega de trabalho h\u00e1 anos, algu\u00e9m que confiava. T\u00ednhamos uma hist\u00f3ria profissional. Nossa parceria sempre funcionou bem. Convidei Dr. Allan para um jantar em que compartilhei a ideia de um modelo de escrit\u00f3rio boutique que difundisse a cultura de preven\u00e7\u00e3o. Ele gostou e na mesma noite topou!<\/p>\n<p style=\"text-align: center;\">\u2014 Dr. Allan Queiroz: Posso lembrar com detalhes do dia em que a Dra. J\u00e9ssica me apresentou o projeto Leal Queiroz.<\/p>\n<h3 style=\"text-align: center;\"><strong>Uma vez apresentada a ideia e o modelo de neg\u00f3cio, eu logo topei.<\/strong><\/h3>\n<p style=\"text-align: center;\">Hoje constru\u00edmos juntos tudo isso com muita dedica\u00e7\u00e3o, sempre pautados em valores fortes e muito claros, aplicados as nossas rela\u00e7\u00f5es tanto com os clientes como com nossa equipe.<\/p>\n<p style=\"text-align: center;\">\u2014 Dra. J\u00e9ssica Leal: Quando tudo iniciou, eu e Dr. Allan constatamos que precis\u00e1vamos de um terceiro pilar de sustenta\u00e7\u00e3o, algu\u00e9m que comungasse nossos valores, vis\u00e3o de neg\u00f3cios e que compartilhasse da mesma paix\u00e3o pela advocacia corporativa. O nome n\u00e3o poderia ser outro, Dr\u00aa Andrezza.<\/p>\n<p style=\"text-align: center;\">\u2014 Dra. Andrezza Almeida: Ser convidada para fazer parte do corpo societ\u00e1rio da Leal Queiroz foi e tem sido muito importante na minha carreira jur\u00eddica.<\/p>\n<p style=\"text-align: center;\">Ap\u00f3s 10 anos de assessoria jur\u00eddica a associa\u00e7\u00f5es e empresas privadas de Campina Grande, passar a integrar a Leal Queiroz, como s\u00f3cia, a convite da Dra. J\u00e9ssica e Dr. Allan, foi muito bom.<\/p>\n<h3 style=\"text-align: center;\"><strong>Assim tudo come\u00e7ou.<\/strong><\/h3>\n<p style=\"text-align: center;\">Hoje, a Leal Queiroz vem crescendo e expandindo, sempre mantendo seus valores e sua miss\u00e3o de implantar, desenvolver e disseminar a cultura de preven\u00e7\u00e3o e proatividade jur\u00eddicas nas empresas.<\/p>\n","protected":false},"excerpt":{"rendered":"<p>Vamos contar como tudo come\u00e7ou. \u2014 Dra. J\u00e9ssica Leal: A paix\u00e3o pela advocacia corporativa e pela gest\u00e3o de departamentos jur\u00eddicos sempre foi forte. Um dia, um dos executivos da empresa onde iniciei e tamb\u00e9m nosso mentor (Bruno Farias) me falou: J\u00e9ssica, voc\u00ea precisa fazer isso para e por outras empresas. J\u00e1 pensou nisto? Foi quando [&hellip;]<\/p>\n","protected":false},"author":7,"featured_media":1467,"parent":9,"menu_order":0,"comment_status":"closed","ping_status":"closed","template":"","meta":{"_acf_changed":false,"footnotes":""},"class_list":["post-11","page","type-page","status-publish","has-post-thumbnail","hentry"],"acf":[],"_links":{"self":[{"href":"https:\/\/lealqueiroz.adv.br\/index.php?rest_route=\/wp\/v2\/pages\/11","targetHints":{"allow":["GET"]}}],"collection":[{"href":"https:\/\/lealqueiroz.adv.br\/index.php?rest_route=\/wp\/v2\/pages"}],"about":[{"href":"https:\/\/lealqueiroz.adv.br\/index.php?rest_route=\/wp\/v2\/types\/page"}],"author":[{"embeddable":true,"href":"https:\/\/lealqueiroz.adv.br\/index.php?rest_route=\/wp\/v2\/users\/7"}],"replies":[{"embeddable":true,"href":"https:\/\/lealqueiroz.adv.br\/index.php?rest_route=%2Fwp%2Fv2%2Fcomments&post=11"}],"version-history":[{"count":33,"href":"https:\/\/lealqueiroz.adv.br\/index.php?rest_route=\/wp\/v2\/pages\/11\/revisions"}],"predecessor-version":[{"id":1652,"href":"https:\/\/lealqueiroz.adv.br\/index.php?rest_route=\/wp\/v2\/pages\/11\/revisions\/1652"}],"up":[{"embeddable":true,"href":"https:\/\/lealqueiroz.adv.br\/index.php?rest_route=\/wp\/v2\/pages\/9"}],"wp:featuredmedia":[{"embeddable":true,"href":"https:\/\/lealqueiroz.adv.br\/index.php?rest_route=\/wp\/v2\/media\/1467"}],"wp:attachment":[{"href":"https:\/\/lealqueiroz.adv.br\/index.php?rest_route=%2Fwp%2Fv2%2Fmedia&parent=11"}],"curies":[{"name":"wp","href":"https:\/\/api.w.org\/{rel}","templated":true}]}}